{"id":188,"date":"2019-03-03T20:11:28","date_gmt":"2019-03-03T19:11:28","guid":{"rendered":"http:\/\/solenebodard.fr\/?page_id=188"},"modified":"2021-03-04T12:04:21","modified_gmt":"2021-03-04T11:04:21","slug":"mediatisation","status":"publish","type":"page","link":"https:\/\/solenebodard.fr\/index.php\/a-propos-de-moi\/mediatisation\/","title":{"rendered":"M\u00e9diatisation"},"content":{"rendered":"\n<p><strong>Liens et extraits des diff\u00e9rents m\u00e9dias parlant de mon parcours et de mes projets<\/strong><\/p>\n\n\n\n<hr class=\"wp-block-separator\"\/>\n\n\n\n<p>Apr\u00e8s plusieurs ann\u00e9es de travail, mes projets se concr\u00e9tisent petit \u00e0 petit !&nbsp;<\/p>\n\n\n\n<p>Aujourd\u2019hui je suis fi\u00e8re d\u2019appara\u00eetre dans les pages de l\u2019Athl\u00e9tisme Magazine, dans lequel j\u2019ai partag\u00e9 mon univers de pr\u00e9paratrice physique.&nbsp;<\/p>\n\n\n\n<p>Merci \u00e0 Camille Vandendriessche et&nbsp;d\u2019avoir r\u00e9alis\u00e9 ce super article qui refl\u00e8te vraiment mon parcours et le travail r\u00e9alis\u00e9.&nbsp;<\/p>\n\n\n\n<div class=\"wp-block-columns\">\n<div class=\"wp-block-column\">\n<figure class=\"wp-block-image size-large\"><img loading=\"lazy\" width=\"783\" height=\"1024\" src=\"http:\/\/solenebodard.fr\/wp-content\/uploads\/2021\/03\/p1-783x1024.png\" alt=\"\" class=\"wp-image-1889\" srcset=\"https:\/\/solenebodard.fr\/wp-content\/uploads\/2021\/03\/p1-783x1024.png 783w, https:\/\/solenebodard.fr\/wp-content\/uploads\/2021\/03\/p1-229x300.png 229w, https:\/\/solenebodard.fr\/wp-content\/uploads\/2021\/03\/p1-768x1005.png 768w, https:\/\/solenebodard.fr\/wp-content\/uploads\/2021\/03\/p1.png 1131w\" sizes=\"(max-width: 783px) 100vw, 783px\" \/><\/figure>\n<\/div>\n\n\n\n<div class=\"wp-block-column\">\n<figure class=\"wp-block-image size-large\"><img loading=\"lazy\" width=\"723\" height=\"1024\" src=\"http:\/\/solenebodard.fr\/wp-content\/uploads\/2021\/03\/p52-723x1024.png\" alt=\"\" class=\"wp-image-1887\" srcset=\"https:\/\/solenebodard.fr\/wp-content\/uploads\/2021\/03\/p52-723x1024.png 723w, https:\/\/solenebodard.fr\/wp-content\/uploads\/2021\/03\/p52-212x300.png 212w, https:\/\/solenebodard.fr\/wp-content\/uploads\/2021\/03\/p52-768x1087.png 768w, https:\/\/solenebodard.fr\/wp-content\/uploads\/2021\/03\/p52-1085x1536.png 1085w, https:\/\/solenebodard.fr\/wp-content\/uploads\/2021\/03\/p52.png 1130w\" sizes=\"(max-width: 723px) 100vw, 723px\" \/><\/figure>\n<\/div>\n\n\n\n<div class=\"wp-block-column\">\n<figure class=\"wp-block-image size-large\"><img loading=\"lazy\" width=\"723\" height=\"1024\" src=\"http:\/\/solenebodard.fr\/wp-content\/uploads\/2021\/03\/p53-723x1024.png\" alt=\"\" class=\"wp-image-1888\" srcset=\"https:\/\/solenebodard.fr\/wp-content\/uploads\/2021\/03\/p53-723x1024.png 723w, https:\/\/solenebodard.fr\/wp-content\/uploads\/2021\/03\/p53-212x300.png 212w, https:\/\/solenebodard.fr\/wp-content\/uploads\/2021\/03\/p53-768x1088.png 768w, https:\/\/solenebodard.fr\/wp-content\/uploads\/2021\/03\/p53-1084x1536.png 1084w, https:\/\/solenebodard.fr\/wp-content\/uploads\/2021\/03\/p53.png 1130w\" sizes=\"(max-width: 723px) 100vw, 723px\" \/><\/figure>\n<\/div>\n<\/div>\n\n\n\n<div class=\"wp-block-file\"><a href=\"http:\/\/solenebodard.fr\/wp-content\/uploads\/2021\/03\/Athletisme-Magazinz-article.pdf\">Athletisme-Magazinz-article<\/a><a href=\"http:\/\/solenebodard.fr\/wp-content\/uploads\/2021\/03\/Athletisme-Magazinz-article.pdf\" class=\"wp-block-file__button\" download>T\u00e9l\u00e9charger<\/a><\/div>\n\n\n\n<p>Retrouvez le num\u00e9ro complet sur <\/p>\n\n\n\n<p><a href=\"https:\/\/www.athle.fr\/asp.net\/main.shop\/shop.aspx?productid=310\">https:\/\/www.athle.fr\/asp.net\/main.shop\/shop.aspx?productid=310<\/a><\/p>\n\n\n\n<hr class=\"wp-block-separator\"\/>\n\n\n\n<p>Mon\nt\u00e9moignage relatant mon changement de vie, dans le cadre de programmes courts\nd\u2019une minute diffus\u00e9s sur les cha\u00eenes&nbsp;de France&nbsp; t\u00e9l\u00e9vision \u00ab\u00a0Et\nvous, comment ca va?\u00a0\u00bb&nbsp;<\/p>\n\n\n\n<figure class=\"wp-block-embed is-type-video is-provider-youtube wp-block-embed-youtube wp-embed-aspect-16-9 wp-has-aspect-ratio\"><div class=\"wp-block-embed__wrapper\">\n<iframe title=\"Sol\u00e8ne &quot;Je fais ce que j\u2019aime, \u00e7a va super bien !&quot;\" width=\"600\" height=\"338\" src=\"https:\/\/www.youtube.com\/embed\/q_poDcgWYb8?feature=oembed\" frameborder=\"0\" allow=\"accelerometer; autoplay; clipboard-write; encrypted-media; gyroscope; picture-in-picture\" allowfullscreen><\/iframe>\n<\/div><\/figure>\n\n\n\n<figure class=\"wp-block-embed is-type-video is-provider-facebook wp-block-embed-facebook\"><div class=\"wp-block-embed__wrapper\">\nhttps:\/\/www.facebook.com\/EtVousCommentCaVa\/videos\/464144217644494\/\n<\/div><\/figure>\n\n\n\n<hr class=\"wp-block-separator\"\/>\n\n\n\n<figure class=\"wp-block-embed aligncenter is-type-video is-provider-youtube wp-block-embed-youtube wp-embed-aspect-16-9 wp-has-aspect-ratio\"><div class=\"wp-block-embed__wrapper\">\n<iframe title=\"M\u00e9tiers du sport au f\u00e9minin - Sol\u00e8ne Bodard\" width=\"600\" height=\"338\" src=\"https:\/\/www.youtube.com\/embed\/ctVStIS1Fm4?feature=oembed\" frameborder=\"0\" allow=\"accelerometer; autoplay; clipboard-write; encrypted-media; gyroscope; picture-in-picture\" allowfullscreen><\/iframe>\n<\/div><\/figure>\n\n\n\n<p>Dans le but de promouvoir les m\u00e9tiers du sport aupr\u00e8s du jeune public f\u00e9minin, la F\u00e9d\u00e9ration Nationale de Profession Sport et Loisirs a lanc\u00e9 en partenariat avec la FEMIX Sport une web s\u00e9ries \u00ab M\u00e9tiers du sport au f\u00e9minin \u00bb dont voici la premi\u00e8re vid\u00e9o qui m&rsquo;est consacr\u00e9e. <\/p>\n\n\n\n<hr class=\"wp-block-separator\"\/>\n\n\n\n<div class=\"wp-block-columns has-2-columns\">\n<div class=\"wp-block-column\">\n<figure class=\"wp-block-image\"><a href=\"Apr\u00e8s une carri\u00e8re de 15 ans comme athl\u00e8te de haut niveau (400 et 100 m\u00e8tres haies), Sol\u00e8ne Bodard se reconvertit dans la banque. Elle y reste 3 ans avant de revenir au sport. D\u00e9couvrez le parcours atypique de cette ancienne athl\u00e8te de 37 ans, toujours souriante et pleine d\u2019entrain malgr\u00e9 les al\u00e9as de la vie.\" target=\"_blank\" rel=\"noreferrer noopener\"><img loading=\"lazy\" width=\"1024\" height=\"901\" src=\"http:\/\/solenebodard.fr\/wp-content\/uploads\/2019\/03\/nouvelleVie-1024x901.jpg\" alt=\"\" class=\"wp-image-189\" srcset=\"https:\/\/solenebodard.fr\/wp-content\/uploads\/2019\/03\/nouvelleVie-1024x901.jpg 1024w, https:\/\/solenebodard.fr\/wp-content\/uploads\/2019\/03\/nouvelleVie-300x264.jpg 300w, https:\/\/solenebodard.fr\/wp-content\/uploads\/2019\/03\/nouvelleVie-768x676.jpg 768w, https:\/\/solenebodard.fr\/wp-content\/uploads\/2019\/03\/nouvelleVie.jpg 1338w\" sizes=\"(max-width: 1024px) 100vw, 1024px\" \/><\/a><\/figure>\n<\/div>\n\n\n\n<div class=\"wp-block-column\">\n<h2>Nouvelle Vie<\/h2>\n\n\n\n<p>Changer d&#8217;emploi<\/p>\n\n\n\n<blockquote class=\"wp-block-quote\"><p><br>Apr\u00e8s une carri\u00e8re de 15 ans comme athl\u00e8te de haut niveau (400 et 100 m\u00e8tres haies), Sol\u00e8ne Bodard se reconvertit dans la banque. Elle y reste 3 ans avant de revenir au sport. D\u00e9couvrez le parcours atypique de cette ancienne athl\u00e8te de 37 ans, toujours souriante et pleine d\u2019entrain malgr\u00e9 les al\u00e9as de la vie.<\/p><cite>Nouvelle Vie<\/cite><\/blockquote>\n\n\n\n<p><a href=\"https:\/\/www.nouvelleviepro.fr\/temoignage\/605\/les-reconversions-professionnelles-dune-athlete\">https:\/\/www.nouvelleviepro.fr\/temoignage\/605\/les-reconversions-professionnelles-dune-athlete<\/a><\/p>\n<\/div>\n<\/div>\n\n\n\n<div class=\"wp-block-columns has-2-columns\">\n<div class=\"wp-block-column\">\n<figure class=\"wp-block-embed alignleft is-type-video is-provider-youtube wp-block-embed-youtube wp-embed-aspect-16-9 wp-has-aspect-ratio\"><div class=\"wp-block-embed__wrapper\">\n<iframe title=\"Salon Postbac : Rencontre avec Sol\u00e8ne Bodard\" width=\"600\" height=\"338\" src=\"https:\/\/www.youtube.com\/embed\/Skl9qsq477w?feature=oembed\" frameborder=\"0\" allow=\"accelerometer; autoplay; clipboard-write; encrypted-media; gyroscope; picture-in-picture\" allowfullscreen><\/iframe>\n<\/div><\/figure>\n<\/div>\n\n\n\n<div class=\"wp-block-column\">\n<h2 class=\"has-text-align-right\"> Salon Postbac<\/h2>\n\n\n\n<blockquote class=\"wp-block-quote has-text-align-right\"><p><br>Le salon Postbac a eu lieu les 12 et 13 janvier 2018 \u00e0 Paris. A cette occasion, nous avons rencontr\u00e9 Sol\u00e8ne Bodard, entra\u00eeneuse \u00e0 la ligue de France d&rsquo;Athl\u00e9tisme et ancienne sportive de haut niveau.  <\/p><cite><a href=\"https:\/\/www.facebook.com\/SalonPostbac\/\">Salon Postbac<\/a><\/cite><\/blockquote>\n<\/div>\n<\/div>\n\n\n\n<figure class=\"wp-block-gallery columns-3 is-cropped\"><ul class=\"blocks-gallery-grid\"><li class=\"blocks-gallery-item\"><figure><img loading=\"lazy\" width=\"960\" height=\"540\" src=\"http:\/\/solenebodard.fr\/wp-content\/uploads\/2019\/03\/IMG-0789.jpg\" alt=\"\" data-id=\"255\" data-link=\"http:\/\/solenebodard.fr\/index.php\/a-propos-de-moi\/mediatisation\/img-0789\/\" class=\"wp-image-255\" srcset=\"https:\/\/solenebodard.fr\/wp-content\/uploads\/2019\/03\/IMG-0789.jpg 960w, https:\/\/solenebodard.fr\/wp-content\/uploads\/2019\/03\/IMG-0789-300x169.jpg 300w, https:\/\/solenebodard.fr\/wp-content\/uploads\/2019\/03\/IMG-0789-768x432.jpg 768w\" sizes=\"(max-width: 960px) 100vw, 960px\" \/><figcaption class=\"blocks-gallery-item__caption\">Jean-Michel Blanquer (Ministre de l&rsquo;\u00e9ducation nationale et de la jeunesse)\nNicolas Verdon (pr\u00e9sident de la F\u00e9d\u00e9ration Nationale Profession Sport et Loisirs)<\/figcaption><\/figure><\/li><li class=\"blocks-gallery-item\"><figure><img loading=\"lazy\" width=\"1024\" height=\"483\" src=\"http:\/\/solenebodard.fr\/wp-content\/uploads\/2019\/03\/IMG-0788-1024x483.jpg\" alt=\"\" data-id=\"254\" data-link=\"http:\/\/solenebodard.fr\/index.php\/a-propos-de-moi\/mediatisation\/img-0788\/\" class=\"wp-image-254\" srcset=\"https:\/\/solenebodard.fr\/wp-content\/uploads\/2019\/03\/IMG-0788-1024x483.jpg 1024w, https:\/\/solenebodard.fr\/wp-content\/uploads\/2019\/03\/IMG-0788-300x141.jpg 300w, https:\/\/solenebodard.fr\/wp-content\/uploads\/2019\/03\/IMG-0788-768x362.jpg 768w, https:\/\/solenebodard.fr\/wp-content\/uploads\/2019\/03\/IMG-0788.jpg 1358w\" sizes=\"(max-width: 1024px) 100vw, 1024px\" \/><\/figure><\/li><li class=\"blocks-gallery-item\"><figure><img loading=\"lazy\" width=\"960\" height=\"540\" src=\"http:\/\/solenebodard.fr\/wp-content\/uploads\/2019\/03\/IMG-0787.jpg\" alt=\"\" data-id=\"253\" data-link=\"http:\/\/solenebodard.fr\/index.php\/a-propos-de-moi\/mediatisation\/img-0787\/\" class=\"wp-image-253\" srcset=\"https:\/\/solenebodard.fr\/wp-content\/uploads\/2019\/03\/IMG-0787.jpg 960w, https:\/\/solenebodard.fr\/wp-content\/uploads\/2019\/03\/IMG-0787-300x169.jpg 300w, https:\/\/solenebodard.fr\/wp-content\/uploads\/2019\/03\/IMG-0787-768x432.jpg 768w\" sizes=\"(max-width: 960px) 100vw, 960px\" \/><\/figure><\/li><li class=\"blocks-gallery-item\"><figure><img loading=\"lazy\" width=\"960\" height=\"540\" src=\"http:\/\/solenebodard.fr\/wp-content\/uploads\/2019\/03\/IMG-0786.jpg\" alt=\"\" data-id=\"252\" data-link=\"http:\/\/solenebodard.fr\/index.php\/a-propos-de-moi\/mediatisation\/img-0786\/\" class=\"wp-image-252\" srcset=\"https:\/\/solenebodard.fr\/wp-content\/uploads\/2019\/03\/IMG-0786.jpg 960w, https:\/\/solenebodard.fr\/wp-content\/uploads\/2019\/03\/IMG-0786-300x169.jpg 300w, https:\/\/solenebodard.fr\/wp-content\/uploads\/2019\/03\/IMG-0786-768x432.jpg 768w\" sizes=\"(max-width: 960px) 100vw, 960px\" \/><\/figure><\/li><li class=\"blocks-gallery-item\"><figure><img loading=\"lazy\" width=\"720\" height=\"405\" src=\"http:\/\/solenebodard.fr\/wp-content\/uploads\/2019\/03\/IMG-0785.jpg\" alt=\"\" data-id=\"251\" data-link=\"http:\/\/solenebodard.fr\/index.php\/a-propos-de-moi\/mediatisation\/img-0785\/\" class=\"wp-image-251\" srcset=\"https:\/\/solenebodard.fr\/wp-content\/uploads\/2019\/03\/IMG-0785.jpg 720w, https:\/\/solenebodard.fr\/wp-content\/uploads\/2019\/03\/IMG-0785-300x169.jpg 300w\" sizes=\"(max-width: 720px) 100vw, 720px\" \/><\/figure><\/li><li class=\"blocks-gallery-item\"><figure><img loading=\"lazy\" width=\"899\" height=\"960\" src=\"http:\/\/solenebodard.fr\/wp-content\/uploads\/2019\/03\/IMG-0784.jpg\" alt=\"\" data-id=\"250\" data-link=\"http:\/\/solenebodard.fr\/index.php\/a-propos-de-moi\/mediatisation\/img-0784\/\" class=\"wp-image-250\" srcset=\"https:\/\/solenebodard.fr\/wp-content\/uploads\/2019\/03\/IMG-0784.jpg 899w, https:\/\/solenebodard.fr\/wp-content\/uploads\/2019\/03\/IMG-0784-281x300.jpg 281w, https:\/\/solenebodard.fr\/wp-content\/uploads\/2019\/03\/IMG-0784-768x820.jpg 768w\" sizes=\"(max-width: 899px) 100vw, 899px\" \/><\/figure><\/li><\/ul><\/figure>\n","protected":false},"excerpt":{"rendered":"<p>Liens et extraits des diff\u00e9rents m\u00e9dias parlant de mon parcours et de mes projets Apr\u00e8s plusieurs ann\u00e9es de travail, mes projets se concr\u00e9tisent petit \u00e0 petit !&nbsp; Aujourd\u2019hui je suis fi\u00e8re d\u2019appara\u00eetre dans les pages de l\u2019Athl\u00e9tisme Magazine, dans lequel j\u2019ai partag\u00e9 mon univers de pr\u00e9paratrice physique.&nbsp; Merci \u00e0 Camille Vandendriessche et&nbsp;d\u2019avoir r\u00e9alis\u00e9 ce super [&hellip;]<\/p>\n","protected":false},"author":1,"featured_media":0,"parent":206,"menu_order":0,"comment_status":"closed","ping_status":"closed","template":"fullwidth.php","meta":[],"_links":{"self":[{"href":"https:\/\/solenebodard.fr\/index.php\/wp-json\/wp\/v2\/pages\/188"}],"collection":[{"href":"https:\/\/solenebodard.fr\/index.php\/wp-json\/wp\/v2\/pages"}],"about":[{"href":"https:\/\/solenebodard.fr\/index.php\/wp-json\/wp\/v2\/types\/page"}],"author":[{"embeddable":true,"href":"https:\/\/solenebodard.fr\/index.php\/wp-json\/wp\/v2\/users\/1"}],"replies":[{"embeddable":true,"href":"https:\/\/solenebodard.fr\/index.php\/wp-json\/wp\/v2\/comments?post=188"}],"version-history":[{"count":26,"href":"https:\/\/solenebodard.fr\/index.php\/wp-json\/wp\/v2\/pages\/188\/revisions"}],"predecessor-version":[{"id":1893,"href":"https:\/\/solenebodard.fr\/index.php\/wp-json\/wp\/v2\/pages\/188\/revisions\/1893"}],"up":[{"embeddable":true,"href":"https:\/\/solenebodard.fr\/index.php\/wp-json\/wp\/v2\/pages\/206"}],"wp:attachment":[{"href":"https:\/\/solenebodard.fr\/index.php\/wp-json\/wp\/v2\/media?parent=188"}],"curies":[{"name":"wp","href":"https:\/\/api.w.org\/{rel}","templated":true}]}}